{"id":16269,"date":"2021-07-27T13:29:27","date_gmt":"2021-07-27T10:29:27","guid":{"rendered":"https:\/\/montero.com.tr\/kvkk\/"},"modified":"2022-09-28T00:36:34","modified_gmt":"2022-09-27T21:36:34","slug":"kvkk","status":"publish","type":"page","link":"https:\/\/montero.com.tr\/en\/kvkk\/","title":{"rendered":"KVKK"},"content":{"rendered":"\t\t<div data-elementor-type=\"wp-page\" data-elementor-id=\"16269\" class=\"elementor elementor-16269 elementor-13730\" data-elementor-settings=\"[]\">\n\t\t\t\t\t\t\t<div class=\"elementor-section-wrap\">\n\t\t\t\t\t\t\t<section class=\"has_eae_slider elementor-section elementor-top-section elementor-element elementor-element-67c89288 elementor-section-full_width elementor-section-height-default elementor-section-height-default\" data-id=\"67c89288\" data-element_type=\"section\">\n\t\t\t\t\t\t<div class=\"elementor-container elementor-column-gap-default\">\n\t\t\t\t\t<div class=\"has_eae_slider elementor-column elementor-col-100 elementor-top-column elementor-element elementor-element-489d69b4\" data-id=\"489d69b4\" data-element_type=\"column\">\n\t\t\t<div class=\"elementor-widget-wrap elementor-element-populated\">\n\t\t\t\t\t\t\t\t<div class=\"elementor-element elementor-element-6ba22ed text-block elementor-widget elementor-widget-text-editor\" data-id=\"6ba22ed\" data-element_type=\"widget\" data-widget_type=\"text-editor.default\">\n\t\t\t\t<div class=\"elementor-widget-container\">\n\t\t\t\t\t\t\t<h2><strong>MONTERO GIDA SANAY\u0130 T\u0130CARET ANON\u0130M \u015e\u0130RKET\u0130 K\u0130\u015e\u0130SEL VER\u0130LER\u0130N \u0130\u015eLENMES\u0130 AYDINLATMA METN\u0130<\/strong><\/h2><p>MONTERO GIDA SANAY\u0130 T\u0130CARET ANON\u0130M \u015e\u0130RKET\u0130 (bundan b\u00f6yle \u201c\u015eirket\u201d olarak an\u0131lacakt\u0131r) olarak veri Sorumlusu s\u0131fat\u0131yla, 6698 say\u0131l\u0131 Ki\u015fisel Verilerin Korunmas\u0131 Kanunu (bundan b\u00f6yle \u201cKVKK\u201d olarak an\u0131lacakt\u0131r) uyar\u0131nca; a\u015fa\u011f\u0131da belirtilen \u015fekillerde elde etti\u011fimiz ki\u015fisel verilerinizin, sizlerle olan ili\u015fkimiz dahilinde, i\u015flenmelerini gerektiren ama\u00e7 \u00e7er\u00e7evesinde ve bu ama\u00e7 ile ba\u011flant\u0131l\u0131, s\u0131n\u0131rl\u0131 ve \u00f6l\u00e7\u00fcl\u00fc \u015fekilde, taraf\u0131m\u0131za bildirdi\u011finiz veya bildirildi\u011fi \u015fekliyle ki\u015fisel verilerin do\u011frulu\u011funu ve en g\u00fcncel halini koruyarak, kaydedilebilece\u011fini, depolanabilece\u011fini, muhafaza edilebilece\u011fini, yeniden d\u00fczenlenebilece\u011fini, kanunen bu ki\u015fisel verileri talep etmeye yetkili olan kurumlar ile payla\u015f\u0131labilece\u011fini ve KVKK\u2019n\u0131n \u00f6ng\u00f6rd\u00fc\u011f\u00fc \u015fartlarda, \u00fc\u00e7\u00fcnc\u00fc ki\u015filere aktar\u0131labilece\u011fini, devredilebilece\u011fini, s\u0131n\u0131fland\u0131r\u0131labilece\u011fini ve KVKK\u2019da say\u0131lan sair \u015fekillerde i\u015flenebilece\u011fini bildiririz.<\/p><p>\u015eirketimiz b\u00fcnyesinde i\u015flenen her t\u00fcrl\u00fc ki\u015fisel veri KVKK ba\u015fta olmak \u00fczere ilgili ulusal veya uluslararas\u0131 mevzuat h\u00fck\u00fcmleri kapsam\u0131nda korunmaktad\u0131r.<\/p><p>\u015eirketimiz gerekli koruman\u0131n sa\u011flanmas\u0131 ad\u0131na teknik ve idari tedbirleri vaktinde gere\u011fi gibi almakta olup herhangi bir ihlal \u015f\u00fcphesi kar\u015f\u0131s\u0131nda yasal h\u00fck\u00fcmler \u00e7er\u00e7evesinde ilgili \u015fah\u0131slara, kurum ve kurulu\u015flara gerekli bildirimleri en k\u0131sa s\u00fcrede yapmaktad\u0131r.<\/p><h3><strong>K\u0130\u015e\u0130SEL VER\u0130LER\u0130N\u0130Z\u0130N TOPLANMA Y\u00d6NTEM\u0130 VE HUKUK\u0130 SEBEB\u0130<\/strong><\/h3><p>Ki\u015fisel verileriniz firmam\u0131z ile kurdu\u011funuz diyaloglar ve ileti\u015fim kapsam\u0131nda al\u0131nan bilgilerden, internet sitesi, elektronik posta, mobil haberle\u015fme, mobil uygulamalar, mesaj\/\u00f6neri\/\u015fik\u00e2yet formu ile yaz\u0131l\u0131 ve elektronik olarak toplanmaktad\u0131r.<\/p><p>\u015eirket olarak hukuki y\u00fck\u00fcml\u00fcl\u00fcklerimizi yerine getirmek, aram\u0131zdaki s\u00f6zle\u015fmenin ifas\u0131, kanunlarda \u00f6ng\u00f6r\u00fclen nedenlerle ve \u015eirket\u2019in me\u015fru menfaati gere\u011fi sizden bizzat talep etti\u011fimiz veya sizin payla\u015fmay\u0131 tercih etti\u011finiz ki\u015fisel verilerinizi, sizin bize fiziksel veya elektronik ortamda iletmeniz ve birden fazla ki\u015finin kullan\u0131m\u0131na a\u00e7\u0131k sunuculara veya internet ortam\u0131na 3.ki\u015filerin ula\u015f\u0131m\u0131na a\u00e7\u0131k bilgi kaydetmeniz suretiyle topluyoruz.<\/p><p>Ki\u015fisel verilerin toplanmas\u0131 ve i\u015flenmesine dair hukuki sebepler a\u015fa\u011f\u0131dad\u0131r:<\/p><p>a) Kanunlarda a\u00e7\u0131k\u00e7a \u00f6ng\u00f6r\u00fclmesi.<\/p><p>b) Bir s\u00f6zle\u015fmenin kurulmas\u0131 veya ifas\u0131yla do\u011frudan do\u011fruya ilgili olmas\u0131 kayd\u0131yla, s\u00f6zle\u015fmenin taraflar\u0131na ait ki\u015fisel verilerin i\u015flenmesinin gerekli olmas\u0131.<\/p><p>c) \u015eirketimizin hukuki y\u00fck\u00fcml\u00fcl\u00fcklerini yerine getirebilmesi i\u00e7in zorunlu olmas\u0131.<\/p><p>d) \u0130lgili ki\u015finin kendisi taraf\u0131ndan alenile\u015ftirilmi\u015f olmas\u0131.<\/p><p>e) Bir hakk\u0131n tesisi, kullan\u0131lmas\u0131 veya korunmas\u0131 i\u00e7in veri i\u015flemenin zorunlu olmas\u0131.<\/p><p>f) \u0130lgili ki\u015finin temel hak ve \u00f6zg\u00fcrl\u00fcklerine zarar vermemek kayd\u0131yla, \u015eirketimizin me\u015fru menfaatleri i\u00e7in veri i\u015flenmesinin zorunlu olmas\u0131.<\/p><p>g) Veri sahiplerinin a\u00e7\u0131k r\u0131zas\u0131n\u0131n al\u0131nmas\u0131n\u0131 gerektiren saklama faaliyetleri a\u00e7\u0131s\u0131ndan veri sahiplerinin a\u00e7\u0131k r\u0131zas\u0131n\u0131n bulunmas\u0131.<\/p><h3><strong>K\u0130\u015e\u0130SEL VER\u0130LER\u0130N\u0130Z\u0130N \u0130\u015eLENME AMA\u00c7LARI<\/strong><\/h3><p>\u015eirket taraf\u0131ndan ki\u015fisel verileriniz a\u015fa\u011f\u0131da belirtilen ama\u00e7larla i\u015flenebilmektedir.<\/p><p>6698 say\u0131l\u0131 Ki\u015fisel Verilerin Korunmas\u0131 Kanunu 5.ve 6. maddeleri kapsam\u0131nda yer alan \u015fartlar g\u00f6z \u00f6n\u00fcnde bulundurularak elde edilen, ad soyad, tc kimlik numaras\u0131, teslimat adresi, mobil ve sabit telefon\/fax\/e-posta bilgileri, banka hesap bilgileri, m\u00fc\u015fteri mesaj\/\u00f6neri\/\u015fik\u00e2yet formu bilgileri gibi veriler ba\u015fta olmak \u00fczere, i\u015f ve faaliyet kapsam\u0131n\u0131n gerektirdi\u011fi veriler a\u015fa\u011f\u0131daki ama\u00e7lar kapsam\u0131nda i\u015flenecektir;<\/p><ul><li>M\u00fc\u015fterileri \u00fcr\u00fcn ve hizmet hakk\u0131nda bilgilendirebilmek, anket yoluyla memnuniyetlerini \u00f6l\u00e7ebilmek, \u015firket i\u00e7inde kalite birimi \u00fcretim de\u011ferlendirmesi yapabilmesi,<\/li><li>M\u00fc\u015fterilerin istekleri do\u011frultusunda \u00fcr\u00fcn ve hizmetleri olu\u015fturabilmek ve geli\u015ftirebilmesi,<\/li><li>Firmalar aras\u0131 i\u015fbirli\u011fi ve ileti\u015fimin sa\u011flanabilmesi,<\/li><li>Kurumsal faaliyetlerin s\u00fcrd\u00fcr\u00fclmesi,<\/li><li>Firma muhasebe, finans ve pazarlama alanlar\u0131ndaki i\u00e7 ve d\u0131\u015f operasyonlar\u0131n\u0131n y\u00fcr\u00fct\u00fclmesi,<\/li><li>Yasal mevzuattan kaynakl\u0131 y\u00fck\u00fcml\u00fcl\u00fcklerin ifas\u0131,<\/li><li>Firma taraf\u0131ndan sunulan \u00fcr\u00fcn ve hizmetlerden ilgili ki\u015fileri faydaland\u0131rmak i\u00e7in gerekli \u00e7al\u0131\u015fmalar\u0131n i\u015f birimleri taraf\u0131ndan yap\u0131lmas\u0131 ve ilgili i\u015f s\u00fcre\u00e7lerinin y\u00fcr\u00fct\u00fclmesi,<\/li><li>Firma taraf\u0131ndan y\u00fcr\u00fct\u00fclen ticari faaliyetlerin ger\u00e7ekle\u015ftirilmesi i\u00e7in gerekli \u00e7al\u0131\u015fmalar\u0131n ilgili i\u015f birimleri taraf\u0131ndan yap\u0131lmas\u0131 ve buna ba\u011fl\u0131 i\u015f s\u00fcre\u00e7lerinin y\u00fcr\u00fct\u00fclmesi,<\/li><li>Firma taraf\u0131ndan sunulan \u00fcr\u00fcn ve hizmetlerin \u00f6zelle\u015ftirerek daha iyi \u00fcr\u00fcn ve hizmet sunabilmesi,<\/li><li>\u00c7\u00f6z\u00fcm ortaklar\u0131 ve akdi ili\u015fkinin taraflar\u0131 ile faaliyet veya ticari ili\u015fki y\u00fcr\u00fct\u00fclmesi,<\/li><li>Firma ve \u00e7al\u0131\u015fanlar\u0131m\u0131z\u0131n g\u00fcvenli\u011fini sa\u011flayabilmesi,<\/li><li>Do\u011fabilecek hukuki uyu\u015fmazl\u0131klarda delil olarak kullan\u0131labilmesi,<\/li><li>Firma ile i\u015f ili\u015fkisi i\u00e7erisinde olan m\u00fc\u015fterilerin hukuki, teknik ve ticari\/i\u015f g\u00fcvenli\u011finin teminini sa\u011flayabilme ama\u00e7lar\u0131yla i\u015flenebilecektir.<\/li><\/ul><h3><strong>K\u0130\u015e\u0130SEL VER\u0130LER\u0130N\u0130Z\u0130N K\u0130MLERE VE HANG\u0130 AMA\u00c7LARLA AKTARILAB\u0130LECE\u011e\u0130<\/strong><\/h3><p>Veri sorumlusu olarak ki\u015fisel verilerinizi baz\u0131 durumlarda KVKK\u2019n\u0131n 8. maddesi \u00e7er\u00e7evesinde aktarabilmekteyiz. Bir s\u00f6zle\u015fmenin kurulmas\u0131 veya ifas\u0131yla do\u011frudan do\u011fruya ilgili olmas\u0131 kayd\u0131yla s\u00f6zle\u015fmenin taraflar\u0131na ait ki\u015fisel verilerin i\u015flenmesinin gerekli olmas\u0131, ilgili ki\u015finin temel hak ve \u00f6zg\u00fcrl\u00fcklerine zarar vermemek kayd\u0131yla veri sorumlusunun me\u015fru menfaatleri i\u00e7in veri i\u015flenmesinin zorunlu olmas\u0131, bir hakk\u0131n tesisi, kullan\u0131lmas\u0131 veya korunmas\u0131 i\u00e7in veri i\u015flemenin zorunlu olmas\u0131, \u015firket ama\u00e7lar\u0131n\u0131n gerektirmesi, kamu kurumlar\u0131na kar\u015f\u0131 y\u00fck\u00fcml\u00fcl\u00fcklerin yerine getirilmesi, kanuni y\u00fck\u00fcml\u00fcl\u00fcklerin ifas\u0131 ve yukar\u0131da belirtilen ama\u00e7lar\u0131n ger\u00e7ekle\u015ftirilmesini sa\u011flamak amac\u0131 ile mevzuatta belirlenen g\u00fcvenlik ve gizlilik esaslar\u0131 uyar\u0131nca yeterli ve etkili \u00f6nlemler al\u0131nmak kayd\u0131yla; sermayedarlarla, hissedarlarla, tedarik\u00e7ilerle, yetkili sat\u0131c\u0131larla, bayilerle, distrib\u00fct\u00f6rlerle, hizmet al\u0131nan \u00f6zel hukuk ki\u015fileriyle (g\u00fcvenlik, e\u011fitim, denetim, etkinlik ve organizasyon, sa\u011fl\u0131k, i\u015f g\u00fcvenli\u011fi, hukuk vb. konularda), veri sorumlusu ad\u0131na veri i\u015fleyen, \u00f6l\u00e7\u00fcmleme, hedefleme, profilleme deste\u011fi veren ki\u015fi ve kurulu\u015flarla, denetim \u015firketleriyle, i\u015f ve \u00e7\u00f6z\u00fcm ortaklar\u0131yla, avukatlar ve mali m\u00fc\u015favirlerle, ba\u011f\u0131ms\u0131z denetim kurulu\u015flar\u0131yla, finans kurulu\u015flar\u0131yla, direkt ve dolayl\u0131 i\u015ftirakler ba\u015fta olmak \u00fczere i\u015f ortaklar\u0131yla, depolama, ar\u015fivleme, bili\u015fim teknolojileri deste\u011fi al\u0131nan firmalarla (sunucu, hosting, program, bulut bili\u015fim), hukuken yetkili kamu kurumlar\u0131 ve \u00f6zel hukuk ki\u015fileriyle payla\u015f\u0131labilecek ve aktar\u0131labilecektir.<\/p><h3><strong>HAKLARINIZ<\/strong><\/h3><p>KVKK\u2019n\u0131n 11. maddesi gere\u011fi, bize ba\u015fvurarak kendinizle ilgili;<\/p><ul><li>Ki\u015fisel verilerinizin i\u015flenip i\u015flenmedi\u011fini \u00f6\u011frenme, e\u011fer i\u015flenmi\u015fse, buna ili\u015fkin bilgi talep etme,<\/li><li>Ki\u015fisel verilerinizin i\u015flenme amac\u0131n\u0131 ve bunlar\u0131n amac\u0131na uygun kullan\u0131l\u0131p kullan\u0131lmad\u0131\u011f\u0131 \u00f6\u011frenme,<\/li><li>Ki\u015fisel verilerin yurt i\u00e7i veya yurt d\u0131\u015f\u0131na aktar\u0131l\u0131p aktar\u0131lmad\u0131\u011f\u0131 ve kimlere aktar\u0131ld\u0131\u011f\u0131n\u0131 \u00f6\u011frenme,<\/li><li>Ki\u015fisel verilerinizin eksik veya yanl\u0131\u015f i\u015flenmi\u015f olmas\u0131 halinde bunlar\u0131n d\u00fczeltilmesini isteme,<\/li><li>Ki\u015fisel verilerinizin KVKK madde 7\u2019de \u00f6ng\u00f6r\u00fclen \u015fartlar \u00e7er\u00e7evesinde silinmesini veya yok edilmesini isteme,<\/li><li>\u00d6nceki iki maddede belirtilen, ki\u015fisel verilerinizin d\u00fczeltilme, silinme veya yok edilme durumlar\u0131n\u0131n, verilerinizin aktar\u0131ld\u0131\u011f\u0131 \u00fc\u00e7\u00fcnc\u00fc ki\u015filere bildirilmesini isteme,<\/li><li>M\u00fcnhas\u0131ran bir otomatik sistem kullan\u0131larak olu\u015fturulmu\u015f ki\u015fisel veri analizinizin sonu\u00e7lar\u0131na bu sonu\u00e7lar \u00e7\u0131karlar\u0131n\u0131za ayk\u0131r\u0131ysa itiraz etme,<\/li><li>Ki\u015fisel verilerinizin kanuna ayk\u0131r\u0131 olarak i\u015flenmesi sebebiyle zarara u\u011framan\u0131z halinde zarar\u0131n giderilmesini talep etme,<\/li><\/ul><p>haklar\u0131na sahipsiniz.<\/p><p>Ba\u015fvurunuzda yer alan talepleriniz, talebin niteli\u011fine g\u00f6re en ge\u00e7 otuz g\u00fcn i\u00e7inde \u00fccretsiz olarak sonu\u00e7land\u0131r\u0131lacakt\u0131r. Ancak, i\u015flemin \u015eirket i\u00e7in ayr\u0131ca bir maliyeti gerektirmesi h\u00e2linde, Ki\u015fisel Verileri Koruma Kurulu taraf\u0131ndan Veri Sorumlusuna Ba\u015fvuru Usul ve Esaslar\u0131 Hakk\u0131nda Tebli\u011f\u2019de belirlenen tarifedeki \u00fccret al\u0131nabilecektir.<\/p><p>Ki\u015fisel verilerinizin i\u015flenmesi ile ilgili hususlarda Veri Sorumlusuna Ba\u015fvuru Usul ve Esaslar\u0131 Hakk\u0131nda Tebli\u011f \u2019in 5. Maddesinde belirtilen usul ve esaslara uymak kayd\u0131 ile a\u015fa\u011f\u0131daki y\u00f6ntemlerle yapabilirsiniz:<\/p><ol type=\"1\"><li>Yaz\u0131l\u0131 olarak, kimlik\u00a0 teyidi yap\u0131lmak suretiyle bizzat, iadeli taahh\u00fctl\u00fc posta veya noter kanal\u0131yla,<\/li><li>Kay\u0131tl\u0131 elektronik posta (KEP) adresi ile<\/li><li>G\u00fcvenli elektronik imza veya mobil imza ile<\/li><li>Taraf\u0131n\u0131zca \u015eirketimize daha \u00f6nce bildirilen ve sistemimizde kay\u0131tl\u0131 bulunan elektronik posta adresini kullanmak suretiyle e- mail adresimize yapaca\u011f\u0131n\u0131z bildirim ile<\/li><\/ol><p>Yukar\u0131daki bildirimler i\u00e7in size verilen kay\u0131t numaralar\u0131n\u0131n dosya ve i\u015flem takibi a\u00e7\u0131s\u0131ndan kaybedilmemesinde fayda olup taraf\u0131m\u0131za yap\u0131lan bildirimlere ayn\u0131 y\u00f6ntem veya iadeli taahh\u00fctl\u00fc olarak geri bildirimde bulunabilecektir.<\/p><p>Ba\u015fvurunuzda;<\/p><p>a) Ad, soyad ve ba\u015fvuru yaz\u0131l\u0131 ise imza,<\/p><p>b) T\u00fcrkiye Cumhuriyeti vatanda\u015flar\u0131 i\u00e7in T.C. kimlik numaras\u0131, yabanc\u0131lar i\u00e7in uyru\u011fu, pasaport numaras\u0131 veya varsa kimlik numaras\u0131,<\/p><p>c) Tebligata esas yerle\u015fim yeri veya i\u015f yeri adresi,<\/p><p>\u00e7) Varsa bildirime esas elektronik posta adresi, telefon ve faks numaras\u0131,<\/p><p>d) Talep konusu,<\/p><p>bulunmas\u0131 zorunludur. Konuya ili\u015fkin bilgi ve belgeler ba\u015fvuruya eklenmelidir.<\/p><h3><strong>BA\u015eVURULARINI YAPAB\u0130LMEN\u0130Z \u0130\u00c7\u0130N VER\u0130 SORUMLUSUNUN B\u0130LG\u0130LER\u0130 A\u015eA\u011eIDAK\u0130 G\u0130B\u0130D\u0130R;<\/strong><\/h3><p>\u00dcNVANI : MONTERO GIDA SANAY\u0130 T\u0130CARET ANON\u0130M \u015e\u0130RKET\u0130<\/p><p>VERG\u0130 DA\u0130RES\u0130 VE NO : SARIYER \u2013 6220632186<\/p><p>ADRES\u0130 : \u0130stinye, \u0130la\u00e7 Sanayi Yolu, Balabandere Cad, \u0130stinye Cd. No:14, 34460 Sar\u0131yer\/\u0130stanbul<\/p><p>TELEFONU : +90 212 339 20 00<\/p><p>E-POSTA : <a href=\"mailto:info@montero.com.tr\">info@montero.com.tr<\/a><\/p><p>KEP ADRES\u0130 : <a href=\"mailto:monterogida@hs03.kep.tr\">monterogida@hs03.kep.tr<\/a><\/p><p>WEB S\u0130TES\u0130 : <a href=\"http:\/\/www.montero.com.tr\">www.montero.com.tr<\/a><\/p><p>Yukar\u0131daki bilgilerde yer alan e-posta adresi m\u00fcnhas\u0131ran KVKK i\u015flemleri i\u00e7in olu\u015fturulmu\u015ftur.<\/p><p>Talebin kabul edilmesi ya da gerek\u00e7esinin a\u00e7\u0131klanarak reddedilmesi halinde cevap, talep sahibine elektronik ortamda ya da yaz\u0131l\u0131 olarak bildirilecektir. Ba\u015fvuruda yer alan talebin kabul edilmesi halinde firmam\u0131zca gecikmeksizin gere\u011fi yap\u0131lacakt\u0131r.<\/p>\t\t\t\t\t\t<\/div>\n\t\t\t\t<\/div>\n\t\t\t\t\t<\/div>\n\t\t<\/div>\n\t\t\t\t\t\t\t<\/div>\n\t\t<\/section>\n\t\t\t\t\t\t<\/div>\n\t\t\t\t\t<\/div>\n\t\t","protected":false},"excerpt":{"rendered":"<p>MONTERO GIDA SANAY\u0130 T\u0130CARET ANON\u0130M \u015e\u0130RKET\u0130 K\u0130\u015e\u0130SEL VER\u0130LER\u0130N \u0130\u015eLENMES\u0130 AYDINLATMA METN\u0130 MONTERO GIDA SANAY\u0130 T\u0130CARET ANON\u0130M \u015e\u0130RKET\u0130 (bundan b\u00f6yle \u201c\u015eirket\u201d olarak an\u0131lacakt\u0131r) olarak veri Sorumlusu s\u0131fat\u0131yla, 6698 say\u0131l\u0131 Ki\u015fisel Verilerin Korunmas\u0131 Kanunu (bundan b\u00f6yle \u201cKVKK\u201d olarak an\u0131lacakt\u0131r) uyar\u0131nca; a\u015fa\u011f\u0131da belirtilen \u015fekillerde elde etti\u011fimiz ki\u015fisel verilerinizin, sizlerle olan ili\u015fkimiz dahilinde, i\u015flenmelerini gerektiren ama\u00e7 \u00e7er\u00e7evesinde ve bu&#8230;<\/p>\n","protected":false},"author":6,"featured_media":0,"parent":0,"menu_order":0,"comment_status":"closed","ping_status":"closed","template":"","meta":[],"_links":{"self":[{"href":"https:\/\/montero.com.tr\/en\/wp-json\/wp\/v2\/pages\/16269"}],"collection":[{"href":"https:\/\/montero.com.tr\/en\/wp-json\/wp\/v2\/pages"}],"about":[{"href":"https:\/\/montero.com.tr\/en\/wp-json\/wp\/v2\/types\/page"}],"author":[{"embeddable":true,"href":"https:\/\/montero.com.tr\/en\/wp-json\/wp\/v2\/users\/6"}],"replies":[{"embeddable":true,"href":"https:\/\/montero.com.tr\/en\/wp-json\/wp\/v2\/comments?post=16269"}],"version-history":[{"count":1,"href":"https:\/\/montero.com.tr\/en\/wp-json\/wp\/v2\/pages\/16269\/revisions"}],"predecessor-version":[{"id":16270,"href":"https:\/\/montero.com.tr\/en\/wp-json\/wp\/v2\/pages\/16269\/revisions\/16270"}],"wp:attachment":[{"href":"https:\/\/montero.com.tr\/en\/wp-json\/wp\/v2\/media?parent=16269"}],"curies":[{"name":"wp","href":"https:\/\/api.w.org\/{rel}","templated":true}]}}